{"id":1509,"date":"2022-12-31T10:12:22","date_gmt":"2022-12-31T14:12:22","guid":{"rendered":"https:\/\/gobiernoparroquialdechican.gob.ec\/azuay\/?page_id=1509"},"modified":"2024-07-31T13:24:29","modified_gmt":"2024-07-31T17:24:29","slug":"rendicion-de-cuentas-2023","status":"publish","type":"page","link":"https:\/\/gobiernoparroquialdechican.gob.ec\/azuay\/rendicion-de-cuentas-2023\/","title":{"rendered":"Rendici\u00f3n de Cuentas 2023"},"content":{"rendered":"<p>Art. 95 de la Constituci\u00f3n de la Rep\u00fablica del Ecuador prev\u00e9 que &#8220;Las\u00a0 ciudadanas y ciudadanos, en forma individual y colectiva, participar\u00e1n de manera protagonice en la toma de decisiones, planificaci\u00f3n y gesti\u00f3n de los asuntos p\u00fablicos, y en el control popular de las instituciones del Estado y la sociedad, y de sus representantes, en un proceso permanente de construcci\u00f3n del poder ciudadano. La participaci\u00f3n se orientar\u00e1 por los principios de igualdad, autonom\u00eda, deliberaci\u00f3n p\u00fablica, respeto a la diferencia, control popular, solidaridad e interculturalidad.<\/p>\n<p style=\"text-align: center;\"><span style=\"color: #800000;\"><strong>PROCESO DE RENDICION DE CUENTAS INSTITUCIONAL:<\/strong><\/span><\/p>\n<p><a href=\"https:\/\/gobiernoparroquialdechican.gob.ec\/azuay\/wp-content\/uploads\/2024\/06\/ReporteInformeGad_Informe-de-rendicion-de-cuentas-2023.pdf\">ReporteInformeGad_Informe de rendicion de cuentas 2023<\/a><\/p>\n<p><a href=\"https:\/\/gobiernoparroquialdechican.gob.ec\/azuay\/wp-content\/uploads\/2024\/06\/INFORME-E.-DE-RENDICION-DE-CUENTAS-DEL-ANO-FISCAL-2023-signed.pdf\">INFORME E. DE RENDICION DE CUENTAS DEL A\u00d1O FISCAL 2023-signed<\/a><\/p>\n<p><a href=\"https:\/\/gobiernoparroquialdechican.gob.ec\/azuay\/wp-content\/uploads\/2024\/05\/MATRIZ-GAD-CHICAN.xlsx\">MATRIZ &#8212; GAD CHICAN<\/a><\/p>\n<p><img fetchpriority=\"high\" decoding=\"async\" class=\"alignnone size-medium wp-image-2045\" src=\"https:\/\/gobiernoparroquialdechican.gob.ec\/azuay\/wp-content\/uploads\/2024\/06\/444925120_790563609927953_9027005017603473830_n-550x393.jpg\" alt=\"\" width=\"550\" height=\"393\" data-id=\"2045\" srcset=\"https:\/\/gobiernoparroquialdechican.gob.ec\/azuay\/wp-content\/uploads\/2024\/06\/444925120_790563609927953_9027005017603473830_n-550x393.jpg 550w, https:\/\/gobiernoparroquialdechican.gob.ec\/azuay\/wp-content\/uploads\/2024\/06\/444925120_790563609927953_9027005017603473830_n-1024x731.jpg 1024w, https:\/\/gobiernoparroquialdechican.gob.ec\/azuay\/wp-content\/uploads\/2024\/06\/444925120_790563609927953_9027005017603473830_n-768x548.jpg 768w, https:\/\/gobiernoparroquialdechican.gob.ec\/azuay\/wp-content\/uploads\/2024\/06\/444925120_790563609927953_9027005017603473830_n-1536x1097.jpg 1536w, https:\/\/gobiernoparroquialdechican.gob.ec\/azuay\/wp-content\/uploads\/2024\/06\/444925120_790563609927953_9027005017603473830_n.jpg 2000w\" sizes=\"(max-width: 550px) 100vw, 550px\" \/><\/p>\n<p><a href=\"https:\/\/gobiernoparroquialdechican.gob.ec\/azuay\/wp-content\/uploads\/2024\/06\/INVITACION-RENDICION-DE-CUENTAS-CON-REGISTRO-DE-FIRMAS.pdf\">INVITACION RENDICION DE CUENTAS CON REGISTRO DE FIRMAS<\/a><\/p>\n<p><a href=\"https:\/\/gobiernoparroquialdechican.gob.ec\/azuay\/wp-content\/uploads\/2024\/06\/Registro-de-asistencia.pdf\">Registro de asistencia<\/a><\/p>\n<p><a href=\"https:\/\/gobiernoparroquialdechican.gob.ec\/azuay\/wp-content\/uploads\/2024\/06\/Oficio-de-delegacion.pdf\">Oficio de delegacion<\/a><\/p>\n<p>&nbsp;<\/p>\n<p>CUMPLIMIENTO LOTAIP<\/p>\n<p><a href=\"https:\/\/gobiernoparroquialdechican.gob.ec\/azuay\/wp-content\/uploads\/2024\/07\/certificado-cumplimiento-ano-2023.pdf\">certificado cumplimiento a\u00f1o 2023<\/a><\/p>\n<p><a href=\"https:\/\/gobiernoparroquialdechican.gob.ec\/azuay\/wp-content\/uploads\/2024\/07\/certificadoLiteralA-ano-2023.pdf\">certificadoLiteralA a\u00f1o 2023<\/a><\/p>\n<p>&nbsp;<\/p>\n<p><strong>ANEXOS DEL INFORME DE RENDICION DE CUENTAS:<\/strong><\/p>\n<p><a href=\"https:\/\/gobiernoparroquialdechican.gob.ec\/azuay\/wp-content\/uploads\/2024\/06\/Resolucion-aprobacion-del-presupuesto-2023.pdf\">Resolucion aprobacion del presupuesto 2023<\/a><\/p>\n<p><a href=\"https:\/\/gobiernoparroquialdechican.gob.ec\/azuay\/wp-content\/uploads\/2024\/06\/ACTA_DEFINITIVA-signed-signed-signed.pdf\">ACTA_DEFINITIVA-signed-signed-signed<\/a><\/p>\n<p><a href=\"https:\/\/gobiernoparroquialdechican.gob.ec\/azuay\/wp-content\/uploads\/2024\/06\/ACTA-DEFINITIVA-SEGUNDA-ETAPA-signed-signed-signed.pdf\">ACTA DEFINITIVA &#8211; SEGUNDA ETAPA-signed-signed-signed<\/a><\/p>\n<p><a href=\"https:\/\/gobiernoparroquialdechican.gob.ec\/azuay\/wp-content\/uploads\/2024\/05\/FACTURAS-DE-CATALOGO-ELECTRONICO.pdf\">FACTURAS DE CATALOGO ELECTRONICO<\/a><\/p>\n<p><a href=\"https:\/\/gobiernoparroquialdechican.gob.ec\/azuay\/wp-content\/uploads\/2024\/05\/FACTURAS-INFIMA-CUANTIA-2023-1.pdf\">FACTURAS INFIMA CUANTIA 2023<\/a><\/p>\n<p>&nbsp;<\/p>\n<p style=\"text-align: center;\"><strong><span style=\"color: #800000;\">PROCESO DE RENDICION DE CUENTAS DE LAS <\/span><\/strong><\/p>\n<p style=\"text-align: center;\"><strong><span style=\"color: #800000;\">AUTORIDADES DEL GADP DE CHIC\u00c1N<\/span><\/strong><\/p>\n<p>&nbsp;<\/p>\n<p>Informe de rendici\u00f3n de cuentas Ing. Dany Tapia &#8211; PRESIDENTE<\/p>\n<p><a href=\"https:\/\/gobiernoparroquialdechican.gob.ec\/azuay\/wp-content\/uploads\/2024\/06\/Informe-Dany-Tapia.pdf\">Informe Dany Tapia<\/a><\/p>\n<p>Informe de rendici\u00f3n de cuentas Srta. Lourdes Cuji &#8211; VICEPRESIDENTA<\/p>\n<p><a href=\"https:\/\/gobiernoparroquialdechican.gob.ec\/azuay\/wp-content\/uploads\/2024\/06\/Informe-Lourdes-Cuji.pdf\">Informe Lourdes Cuji<\/a><\/p>\n<p>Informe de rendici\u00f3n de cuentas Mags. Katherine Arizaga<\/p>\n<p>Cumplimiento de obligaciones tributarias <a href=\"https:\/\/gobiernoparroquialdechican.gob.ec\/azuay\/wp-content\/uploads\/2024\/06\/Declaracion_872610690128.pdf\">Declaracion_872610690128<\/a><\/p>\n<p>Informe de rendici\u00f3n de cuentas Sr. Wilson Naula<\/p>\n<p>Cumplimiento de obligaciones tributaria <a href=\"https:\/\/gobiernoparroquialdechican.gob.ec\/azuay\/wp-content\/uploads\/2024\/06\/872621712653.pdf\">872621712653<\/a><\/p>\n","protected":false},"excerpt":{"rendered":"<p>Art. 95 de la Constituci\u00f3n de la Rep\u00fablica del Ecuador prev\u00e9 que &#8220;Las\u00a0 ciudadanas y ciudadanos, en forma individual y colectiva, participar\u00e1n de manera protagonice en la toma de decisiones, planificaci\u00f3n y gesti\u00f3n de los asuntos p\u00fablicos, y en el control popular de las instituciones del Estado y la sociedad, y de sus representantes, en [&hellip;]<\/p>\n","protected":false},"author":8,"featured_media":0,"parent":0,"menu_order":0,"comment_status":"closed","ping_status":"closed","template":"","meta":{"footnotes":""},"class_list":["post-1509","page","type-page","status-publish","hentry"],"yoast_head":"<!-- This site is optimized with the Yoast SEO plugin v26.9 - https:\/\/yoast.com\/product\/yoast-seo-wordpress\/ -->\n<title>Rendici\u00f3n de Cuentas 2023 - GAD parroquial Chic\u00e1n<\/title>\n<meta name=\"robots\" content=\"index, follow, max-snippet:-1, max-image-preview:large, max-video-preview:-1\" \/>\n<link rel=\"canonical\" href=\"https:\/\/gobiernoparroquialdechican.gob.ec\/azuay\/rendicion-de-cuentas-2023\/\" \/>\n<meta property=\"og:locale\" content=\"es_ES\" \/>\n<meta property=\"og:type\" content=\"article\" \/>\n<meta property=\"og:title\" content=\"Rendici\u00f3n de Cuentas 2023 - GAD parroquial Chic\u00e1n\" \/>\n<meta property=\"og:description\" content=\"Art. 95 de la Constituci\u00f3n de la Rep\u00fablica del Ecuador prev\u00e9 que &#8220;Las\u00a0 ciudadanas y ciudadanos, en forma individual y colectiva, participar\u00e1n de manera protagonice en la toma de decisiones, planificaci\u00f3n y gesti\u00f3n de los asuntos p\u00fablicos, y en el control popular de las instituciones del Estado y la sociedad, y de sus representantes, en [&hellip;]\" \/>\n<meta property=\"og:url\" content=\"https:\/\/gobiernoparroquialdechican.gob.ec\/azuay\/rendicion-de-cuentas-2023\/\" \/>\n<meta property=\"og:site_name\" content=\"GAD parroquial Chic\u00e1n\" \/>\n<meta property=\"article:modified_time\" content=\"2024-07-31T17:24:29+00:00\" \/>\n<meta property=\"og:image\" content=\"https:\/\/gobiernoparroquialdechican.gob.ec\/azuay\/wp-content\/uploads\/2024\/06\/444925120_790563609927953_9027005017603473830_n-550x393.jpg\" \/>\n<meta name=\"twitter:card\" content=\"summary_large_image\" \/>\n<meta name=\"twitter:label1\" content=\"Tiempo de lectura\" \/>\n\t<meta name=\"twitter:data1\" content=\"2 minutos\" \/>\n<script type=\"application\/ld+json\" class=\"yoast-schema-graph\">{\"@context\":\"https:\/\/schema.org\",\"@graph\":[{\"@type\":\"WebPage\",\"@id\":\"https:\/\/gobiernoparroquialdechican.gob.ec\/azuay\/rendicion-de-cuentas-2023\/\",\"url\":\"https:\/\/gobiernoparroquialdechican.gob.ec\/azuay\/rendicion-de-cuentas-2023\/\",\"name\":\"Rendici\u00f3n de Cuentas 2023 - GAD parroquial Chic\u00e1n\",\"isPartOf\":{\"@id\":\"https:\/\/gobiernoparroquialdechican.gob.ec\/azuay\/#website\"},\"primaryImageOfPage\":{\"@id\":\"https:\/\/gobiernoparroquialdechican.gob.ec\/azuay\/rendicion-de-cuentas-2023\/#primaryimage\"},\"image\":{\"@id\":\"https:\/\/gobiernoparroquialdechican.gob.ec\/azuay\/rendicion-de-cuentas-2023\/#primaryimage\"},\"thumbnailUrl\":\"https:\/\/gobiernoparroquialdechican.gob.ec\/azuay\/wp-content\/uploads\/2024\/06\/444925120_790563609927953_9027005017603473830_n-550x393.jpg\",\"datePublished\":\"2022-12-31T14:12:22+00:00\",\"dateModified\":\"2024-07-31T17:24:29+00:00\",\"breadcrumb\":{\"@id\":\"https:\/\/gobiernoparroquialdechican.gob.ec\/azuay\/rendicion-de-cuentas-2023\/#breadcrumb\"},\"inLanguage\":\"es\",\"potentialAction\":[{\"@type\":\"ReadAction\",\"target\":[\"https:\/\/gobiernoparroquialdechican.gob.ec\/azuay\/rendicion-de-cuentas-2023\/\"]}]},{\"@type\":\"ImageObject\",\"inLanguage\":\"es\",\"@id\":\"https:\/\/gobiernoparroquialdechican.gob.ec\/azuay\/rendicion-de-cuentas-2023\/#primaryimage\",\"url\":\"https:\/\/gobiernoparroquialdechican.gob.ec\/azuay\/wp-content\/uploads\/2024\/06\/444925120_790563609927953_9027005017603473830_n.jpg\",\"contentUrl\":\"https:\/\/gobiernoparroquialdechican.gob.ec\/azuay\/wp-content\/uploads\/2024\/06\/444925120_790563609927953_9027005017603473830_n.jpg\",\"width\":2000,\"height\":1428},{\"@type\":\"BreadcrumbList\",\"@id\":\"https:\/\/gobiernoparroquialdechican.gob.ec\/azuay\/rendicion-de-cuentas-2023\/#breadcrumb\",\"itemListElement\":[{\"@type\":\"ListItem\",\"position\":1,\"name\":\"Home\",\"item\":\"https:\/\/gobiernoparroquialdechican.gob.ec\/azuay\/\"},{\"@type\":\"ListItem\",\"position\":2,\"name\":\"Rendici\u00f3n de Cuentas 2023\"}]},{\"@type\":\"WebSite\",\"@id\":\"https:\/\/gobiernoparroquialdechican.gob.ec\/azuay\/#website\",\"url\":\"https:\/\/gobiernoparroquialdechican.gob.ec\/azuay\/\",\"name\":\"GAD parroquial Chic\u00e1n\",\"description\":\"Sitio Oficial del GAD Parroquial Chic\u00e1n Azuay\",\"potentialAction\":[{\"@type\":\"SearchAction\",\"target\":{\"@type\":\"EntryPoint\",\"urlTemplate\":\"https:\/\/gobiernoparroquialdechican.gob.ec\/azuay\/?s={search_term_string}\"},\"query-input\":{\"@type\":\"PropertyValueSpecification\",\"valueRequired\":true,\"valueName\":\"search_term_string\"}}],\"inLanguage\":\"es\"}]}<\/script>\n<!-- \/ Yoast SEO plugin. -->","yoast_head_json":{"title":"Rendici\u00f3n de Cuentas 2023 - GAD parroquial Chic\u00e1n","robots":{"index":"index","follow":"follow","max-snippet":"max-snippet:-1","max-image-preview":"max-image-preview:large","max-video-preview":"max-video-preview:-1"},"canonical":"https:\/\/gobiernoparroquialdechican.gob.ec\/azuay\/rendicion-de-cuentas-2023\/","og_locale":"es_ES","og_type":"article","og_title":"Rendici\u00f3n de Cuentas 2023 - GAD parroquial Chic\u00e1n","og_description":"Art. 95 de la Constituci\u00f3n de la Rep\u00fablica del Ecuador prev\u00e9 que &#8220;Las\u00a0 ciudadanas y ciudadanos, en forma individual y colectiva, participar\u00e1n de manera protagonice en la toma de decisiones, planificaci\u00f3n y gesti\u00f3n de los asuntos p\u00fablicos, y en el control popular de las instituciones del Estado y la sociedad, y de sus representantes, en [&hellip;]","og_url":"https:\/\/gobiernoparroquialdechican.gob.ec\/azuay\/rendicion-de-cuentas-2023\/","og_site_name":"GAD parroquial Chic\u00e1n","article_modified_time":"2024-07-31T17:24:29+00:00","og_image":[{"url":"https:\/\/gobiernoparroquialdechican.gob.ec\/azuay\/wp-content\/uploads\/2024\/06\/444925120_790563609927953_9027005017603473830_n-550x393.jpg","type":"","width":"","height":""}],"twitter_card":"summary_large_image","twitter_misc":{"Tiempo de lectura":"2 minutos"},"schema":{"@context":"https:\/\/schema.org","@graph":[{"@type":"WebPage","@id":"https:\/\/gobiernoparroquialdechican.gob.ec\/azuay\/rendicion-de-cuentas-2023\/","url":"https:\/\/gobiernoparroquialdechican.gob.ec\/azuay\/rendicion-de-cuentas-2023\/","name":"Rendici\u00f3n de Cuentas 2023 - GAD parroquial Chic\u00e1n","isPartOf":{"@id":"https:\/\/gobiernoparroquialdechican.gob.ec\/azuay\/#website"},"primaryImageOfPage":{"@id":"https:\/\/gobiernoparroquialdechican.gob.ec\/azuay\/rendicion-de-cuentas-2023\/#primaryimage"},"image":{"@id":"https:\/\/gobiernoparroquialdechican.gob.ec\/azuay\/rendicion-de-cuentas-2023\/#primaryimage"},"thumbnailUrl":"https:\/\/gobiernoparroquialdechican.gob.ec\/azuay\/wp-content\/uploads\/2024\/06\/444925120_790563609927953_9027005017603473830_n-550x393.jpg","datePublished":"2022-12-31T14:12:22+00:00","dateModified":"2024-07-31T17:24:29+00:00","breadcrumb":{"@id":"https:\/\/gobiernoparroquialdechican.gob.ec\/azuay\/rendicion-de-cuentas-2023\/#breadcrumb"},"inLanguage":"es","potentialAction":[{"@type":"ReadAction","target":["https:\/\/gobiernoparroquialdechican.gob.ec\/azuay\/rendicion-de-cuentas-2023\/"]}]},{"@type":"ImageObject","inLanguage":"es","@id":"https:\/\/gobiernoparroquialdechican.gob.ec\/azuay\/rendicion-de-cuentas-2023\/#primaryimage","url":"https:\/\/gobiernoparroquialdechican.gob.ec\/azuay\/wp-content\/uploads\/2024\/06\/444925120_790563609927953_9027005017603473830_n.jpg","contentUrl":"https:\/\/gobiernoparroquialdechican.gob.ec\/azuay\/wp-content\/uploads\/2024\/06\/444925120_790563609927953_9027005017603473830_n.jpg","width":2000,"height":1428},{"@type":"BreadcrumbList","@id":"https:\/\/gobiernoparroquialdechican.gob.ec\/azuay\/rendicion-de-cuentas-2023\/#breadcrumb","itemListElement":[{"@type":"ListItem","position":1,"name":"Home","item":"https:\/\/gobiernoparroquialdechican.gob.ec\/azuay\/"},{"@type":"ListItem","position":2,"name":"Rendici\u00f3n de Cuentas 2023"}]},{"@type":"WebSite","@id":"https:\/\/gobiernoparroquialdechican.gob.ec\/azuay\/#website","url":"https:\/\/gobiernoparroquialdechican.gob.ec\/azuay\/","name":"GAD parroquial Chic\u00e1n","description":"Sitio Oficial del GAD Parroquial Chic\u00e1n Azuay","potentialAction":[{"@type":"SearchAction","target":{"@type":"EntryPoint","urlTemplate":"https:\/\/gobiernoparroquialdechican.gob.ec\/azuay\/?s={search_term_string}"},"query-input":{"@type":"PropertyValueSpecification","valueRequired":true,"valueName":"search_term_string"}}],"inLanguage":"es"}]}},"_links":{"self":[{"href":"https:\/\/gobiernoparroquialdechican.gob.ec\/azuay\/wp-json\/wp\/v2\/pages\/1509","targetHints":{"allow":["GET"]}}],"collection":[{"href":"https:\/\/gobiernoparroquialdechican.gob.ec\/azuay\/wp-json\/wp\/v2\/pages"}],"about":[{"href":"https:\/\/gobiernoparroquialdechican.gob.ec\/azuay\/wp-json\/wp\/v2\/types\/page"}],"author":[{"embeddable":true,"href":"https:\/\/gobiernoparroquialdechican.gob.ec\/azuay\/wp-json\/wp\/v2\/users\/8"}],"replies":[{"embeddable":true,"href":"https:\/\/gobiernoparroquialdechican.gob.ec\/azuay\/wp-json\/wp\/v2\/comments?post=1509"}],"version-history":[{"count":17,"href":"https:\/\/gobiernoparroquialdechican.gob.ec\/azuay\/wp-json\/wp\/v2\/pages\/1509\/revisions"}],"predecessor-version":[{"id":2066,"href":"https:\/\/gobiernoparroquialdechican.gob.ec\/azuay\/wp-json\/wp\/v2\/pages\/1509\/revisions\/2066"}],"wp:attachment":[{"href":"https:\/\/gobiernoparroquialdechican.gob.ec\/azuay\/wp-json\/wp\/v2\/media?parent=1509"}],"curies":[{"name":"wp","href":"https:\/\/api.w.org\/{rel}","templated":true}]}}